{"id":15970,"date":"2025-10-22T10:49:25","date_gmt":"2025-10-22T08:49:25","guid":{"rendered":"https:\/\/restaurantereinaelisenda.com\/?page_id=15970"},"modified":"2025-10-31T10:52:48","modified_gmt":"2025-10-31T09:52:48","slug":"carns-a-la-brasa","status":"publish","type":"page","link":"https:\/\/restaurantereinaelisenda.com\/ca\/carta\/carns-a-la-brasa\/","title":{"rendered":"Carns a la brasa i molt m\u00e9s"},"content":{"rendered":"<p><div class=\"fusion-fullwidth fullwidth-box fusion-builder-row-1 fusion-flex-container has-pattern-background has-mask-background nonhundred-percent-fullwidth non-hundred-percent-height-scrolling\" style=\"--link_color: var(--awb-color3);--awb-border-radius-top-left:0px;--awb-border-radius-top-right:0px;--awb-border-radius-bottom-right:0px;--awb-border-radius-bottom-left:0px;--awb-padding-top:50px;--awb-padding-bottom:50px;--awb-padding-top-small:35px;--awb-padding-bottom-small:0px;--awb-background-color:var(--awb-color1);--awb-flex-wrap:wrap;\" ><div class=\"fusion-builder-row fusion-row fusion-flex-align-items-flex-start fusion-flex-justify-content-center fusion-flex-content-wrap\" style=\"max-width:calc( 1480px + 24px );margin-left: calc(-24px \/ 2 );margin-right: calc(-24px \/ 2 );\"><div class=\"fusion-layout-column fusion_builder_column fusion-builder-column-0 fusion_builder_column_2_3 2_3 fusion-flex-column fusion-flex-align-self-stretch\" style=\"--awb-padding-right:12px;--awb-padding-left:12px;--awb-padding-right-medium:0px;--awb-padding-left-medium:0px;--awb-bg-size:cover;--awb-width-large:66.666666666667%;--awb-margin-top-large:0px;--awb-spacing-right-large:12px;--awb-margin-bottom-large:0px;--awb-spacing-left-large:12px;--awb-width-medium:83.333333333333%;--awb-order-medium:0;--awb-spacing-right-medium:12px;--awb-margin-bottom-medium:48px;--awb-spacing-left-medium:12px;--awb-width-small:100%;--awb-order-small:0;--awb-spacing-right-small:12px;--awb-margin-bottom-small:34px;--awb-spacing-left-small:12px;\" data-scroll-devices=\"small-visibility,medium-visibility,large-visibility\"><div class=\"fusion-column-wrapper fusion-column-has-shadow fusion-flex-justify-content-center fusion-content-layout-column\"><div class=\"fusion-title title fusion-title-1 fusion-sep-none fusion-title-center fusion-title-text fusion-title-size-div\" style=\"--awb-text-color:var(--awb-color3);--awb-margin-bottom:0px;--awb-margin-top-small:10px;--awb-margin-right-small:0px;--awb-margin-bottom-small:10px;--awb-margin-left-small:0px;--awb-font-size:var(--awb-typography4-font-size);\"><div class=\"fusion-title-heading title-heading-center title-heading-tag fusion-responsive-typography-calculated\" style=\"font-family:var(--awb-typography4-font-family);font-weight:var(--awb-typography4-font-weight);font-style:var(--awb-typography4-font-style);margin:0;letter-spacing:var(--awb-typography4-letter-spacing);text-transform:uppercase;font-size:1em;--fontSize:21;--minFontSize:21;line-height:var(--awb-typography4-line-height);\">On hi ha menjar, hi ha felicitat<\/div><\/div><div class=\"fusion-title title fusion-title-2 fusion-sep-none fusion-title-center fusion-title-text fusion-title-size-div\" style=\"--awb-text-color:#000000;--awb-margin-top:0px;--awb-margin-bottom:16px;--awb-margin-top-small:10px;--awb-margin-right-small:0px;--awb-margin-bottom-small:10px;--awb-margin-left-small:0px;--awb-font-size:var(--awb-typography2-font-size);\"><div class=\"fusion-title-heading title-heading-center title-heading-tag fusion-responsive-typography-calculated\" style=\"font-family:var(--awb-typography2-font-family);font-weight:var(--awb-typography2-font-weight);font-style:var(--awb-typography2-font-style);margin:0;letter-spacing:var(--awb-typography2-letter-spacing);text-transform:var(--awb-typography2-text-transform);font-size:1em;--fontSize:60;line-height:var(--awb-typography2-line-height);\">Una carta per a recrear-se<\/div><\/div><div class=\"fusion-title title fusion-title-3 fusion-sep-none fusion-title-center fusion-title-text fusion-title-size-div\" style=\"--awb-margin-top:30px;--awb-margin-bottom:40px;--awb-margin-top-small:10px;--awb-margin-right-small:0px;--awb-margin-bottom-small:10px;--awb-margin-left-small:0px;--awb-font-size:var(--awb-typography4-font-size);\"><div class=\"fusion-title-heading title-heading-center title-heading-tag fusion-responsive-typography-calculated\" style=\"font-family:var(--awb-typography4-font-family);font-weight:var(--awb-typography4-font-weight);font-style:var(--awb-typography4-font-style);margin:0;letter-spacing:var(--awb-typography4-letter-spacing);text-transform:var(--awb-typography4-text-transform);font-size:1em;--fontSize:21;--minFontSize:21;line-height:var(--awb-typography4-line-height);\">Deixa&#8217;t sorprendre pel sabor de les carns a la brasa d&#8217;alzina, les nostres excepcionals carns premium a la pedra, els arrossos o el pop, un cl\u00e0ssic. <strong>Qu\u00e8 et ve de gust avui?<\/strong><\/div><\/div><\/div><\/div><\/div><\/div><div id=\"entrantes\" class=\"fusion-container-anchor\"><div class=\"fusion-fullwidth fullwidth-box fusion-builder-row-2 fusion-flex-container has-pattern-background has-mask-background fusion-parallax-none nonhundred-percent-fullwidth non-hundred-percent-height-scrolling\" style=\"--awb-border-radius-top-left:0px;--awb-border-radius-top-right:0px;--awb-border-radius-bottom-right:0px;--awb-border-radius-bottom-left:0px;--awb-background-image:url(&quot;https:\/\/restaurantereinaelisenda.com\/wp-content\/uploads\/fondo-lateral_re.webp&quot;);--awb-background-size:cover;--awb-flex-wrap:wrap;\" ><div class=\"fusion-builder-row fusion-row fusion-flex-align-items-flex-start fusion-flex-justify-content-center fusion-flex-content-wrap\" style=\"max-width:1539.2px;margin-left: calc(-4% \/ 2 );margin-right: calc(-4% \/ 2 );\"><div class=\"fusion-layout-column fusion_builder_column fusion-builder-column-1 fusion_builder_column_5_6 5_6 fusion-flex-column\" style=\"--awb-bg-size:cover;--awb-width-large:83.333333333333%;--awb-margin-top-large:0px;--awb-spacing-right-large:2.304%;--awb-margin-bottom-large:20px;--awb-spacing-left-large:2.304%;--awb-width-medium:83.333333333333%;--awb-order-medium:0;--awb-spacing-right-medium:2.304%;--awb-spacing-left-medium:2.304%;--awb-width-small:100%;--awb-order-small:0;--awb-spacing-right-small:1.92%;--awb-spacing-left-small:1.92%;\"><div class=\"fusion-column-wrapper fusion-column-has-shadow fusion-flex-justify-content-flex-start fusion-content-layout-column\"><div class=\"fusion-title title fusion-title-4 fusion-sep-none fusion-title-center fusion-title-text fusion-title-size-div\" style=\"--awb-text-color:#000000;--awb-margin-top:0px;--awb-margin-bottom:16px;--awb-margin-top-small:10px;--awb-margin-right-small:0px;--awb-margin-bottom-small:10px;--awb-margin-left-small:0px;--awb-font-size:var(--awb-typography2-font-size);\"><div class=\"fusion-title-heading title-heading-center title-heading-tag fusion-responsive-typography-calculated\" style=\"font-family:var(--awb-typography2-font-family);font-weight:var(--awb-typography2-font-weight);font-style:var(--awb-typography2-font-style);margin:0;letter-spacing:var(--awb-typography2-letter-spacing);text-transform:var(--awb-typography2-text-transform);font-size:1em;--fontSize:60;line-height:var(--awb-typography2-line-height);\">Entrants<\/div><\/div><div class=\"fusion-tabs fusion-tabs-1 classic vertical-tabs icon-position-left mobile-mode-accordion\" style=\"--awb-margin-top:20px;--awb-title-border-radius-top-left:0px;--awb-title-border-radius-top-right:0px;--awb-title-border-radius-bottom-right:0px;--awb-title-border-radius-bottom-left:0px;--awb-content-padding-top:20px;--awb-content-padding-right:30px;--awb-content-padding-bottom:35px;--awb-content-padding-left:30px;--awb-title-padding-top:20px;--awb-title-padding-right:15px;--awb-title-padding-bottom:20px;--awb-title-padding-left:15px;--awb-title-font-size:21px;--awb-title-text-transform:var(--awb-typography5-text-transform);--awb-title-line-height:var(--awb-typography5-line-height);--awb-title-letter-spacing:var(--awb-typography5-letter-spacing);--awb-alignment:start;--awb-inactive-color:var(--awb-color4);--awb-title-text-color:var(--awb-color3);--awb-title-active-text-color:var(--awb-color1);--awb-background-color:var(--awb-color3);--awb-border-color:var(--awb-color3);--awb-active-border-color:var(--awb-color4);--awb-title-font-family:var(--awb-typography5-font-family);--awb-title-font-weight:var(--awb-typography5-font-weight);--awb-title-font-style:var(--awb-typography5-font-style);\"><div class=\"nav\"><ul class=\"nav-tabs\" role=\"tablist\" aria-orientation=\"vertical\"><li class=\"active\" role=\"presentation\"><a class=\"tab-link\" data-toggle=\"tab\" role=\"tab\" aria-controls=\"tab-2fd0f5a8b6eabf45f48\" aria-selected=\"true\" tabindex=\"0\" id=\"fusion-tab-2fd0f5a8b6eabf45f48\" href=\"#tab-2fd0f5a8b6eabf45f48\"><h3 class=\"fusion-tab-heading\"><i class=\"fontawesome-icon icon-ui-home\" aria-hidden=\"true\" style=\"font-size:20px; --icon-color:var(--awb-color2);--icon-active-color:var(--awb-color5);\"><\/i>Per a picar o compartir<\/h3><\/a><\/li><li  role=\"presentation\"><a class=\"tab-link\" data-toggle=\"tab\" role=\"tab\" aria-controls=\"tab-b9f0a3fd19447a2465e\" aria-selected=\"false\" tabindex=\"-1\" id=\"fusion-tab-b9f0a3fd19447a2465e\" href=\"#tab-b9f0a3fd19447a2465e\"><h3 class=\"fusion-tab-heading\"><i class=\"fontawesome-icon icon-ui-home\" aria-hidden=\"true\" style=\"font-size:20px; --icon-color:var(--awb-color2);--icon-active-color:var(--awb-color5);\"><\/i>De l'hort a la taula<\/h3><\/a><\/li><\/ul><\/div><div class=\"tab-content\"><div class=\"nav fusion-mobile-tab-nav\"><ul class=\"nav-tabs\" role=\"tablist\" aria-orientation=\"vertical\"><li class=\"active\" role=\"presentation\"><a class=\"tab-link\" data-toggle=\"tab\" role=\"tab\" aria-controls=\"tab-2fd0f5a8b6eabf45f48\" aria-selected=\"true\" tabindex=\"0\" id=\"mobile-fusion-tab-2fd0f5a8b6eabf45f48\" href=\"#tab-2fd0f5a8b6eabf45f48\"><h3 class=\"fusion-tab-heading\"><i class=\"fontawesome-icon icon-ui-home\" aria-hidden=\"true\" style=\"font-size:20px; --icon-color:var(--awb-color2);--icon-active-color:var(--awb-color5);\"><\/i>Per a picar o compartir<\/h3><\/a><\/li><\/ul><\/div><div class=\"tab-pane fade fusion-clearfix in active\" role=\"tabpanel\" tabindex=\"0\" aria-labelledby=\"fusion-tab-2fd0f5a8b6eabf45f48\" id=\"tab-2fd0f5a8b6eabf45f48\">\n<p style=\"text-align: center;\">Entrants tradicionals<\/p>\n<p><img decoding=\"async\" class=\"aligncenter size-full\" style=\"margin: 0px 0px 0px 0px;\" src=\"\/wp-content\/uploads\/para-picar-2.webp\" alt=\"\" width=\"1000\" height=\"322\" \/><\/p>\n<p style=\"text-align: center;\"><span class=\"subtitulo\">Les tapes imprescindibles que han fet gran la nostra cultura gastron\u00f2mica.<\/span><\/p>\n<div class=\"fusion-separator\" style=\"align-self: center; width: 100%; max-width: 65px; margin: 1px auto 40px auto;\">\n<div class=\"fusion-separator-border sep-single sep-solid\" style=\"border-color: #b3894f; border-top-width: 2px;\"><\/div>\n<\/div>\n<p><span class=\"titulomenu\">Ostra Krystale<\/span><br \/>\n<span class=\"textomenu\">(Preu per unitat)<\/span><br \/>\n<span class=\"preciomenu\">4,50\u20ac<\/span><\/p>\n<p><span class=\"titulomenu\">Anxoves de l&#8217;Escala<\/span><br \/>\n<span class=\"textomenu\">Servides amb pa de pag\u00e8s, tom\u00e0quet de penjar i oli d&#8217;oliva verge (6 unitats).<\/span><br \/>\n<span class=\"preciomenu\">12,50\u20ac<\/span><\/p>\n<p><span class=\"titulomenu\">Taula de pernil 100% ib\u00e8ric de gla.<\/span><br \/>\n<span class=\"textomenu\">Tallat a m\u00e0.<\/span><br \/>\n<span class=\"preciomenu\">16,90\u20ac<\/span><\/p>\n<p><span class=\"titulomenu\">Taula de formatge D.O. Manxec.<\/span><br \/>\n<span class=\"preciomenu\">9,80\u20ac<\/span><\/p>\n<p><span class=\"titulomenu\">Daus de formatge en oli d&#8217;oliva.<\/span><br \/>\n<span class=\"textomenu\">Formatge D.O. Manxec en oli d&#8217;oliva verge extra.<\/span><br \/>\n<span class=\"preciomenu\">10,20\u20ac<\/span><\/p>\n<p><span class=\"titulomenu\">Croquetes de pernil ib\u00e8ric.<\/span><br \/>\n<span class=\"textomenu\">(Preu per unitat)<\/span><br \/>\n<span class=\"preciomenu\">2,40\u20ac<\/span><\/p>\n<p><span class=\"titulomenu\">Provolone a la brasa amb encenalls de Jabugo.<\/span><br \/>\n<span class=\"preciomenu\">12,90\u20ac<\/span><\/p>\n<p><span class=\"titulomenu\">Ous estrellats amb pernil ib\u00e8ric.<\/span><br \/>\n<span class=\"preciomenu\">12,40\u20ac<\/span><\/p>\n<p><span class=\"titulomenu\">Carxofes fregides<\/span><br \/>\n<span class=\"textomenu\">Amb pernil ib\u00e8ric, terra d&#8217;olives negres i reducci\u00f3 de taronja.<\/span><br \/>\n<span class=\"preciomenu\">11,10\u20ac<\/span><\/p>\n<p><span class=\"titulomenu\">&#8220;Rejos&#8221; a l&#8217;andalusa amb maionesa de soja i llima.<\/span><br \/>\n<span class=\"preciomenu\">12,20\u20ac<\/span><\/p>\n<p><span class=\"titulomenu\">Daus d&#8217;alberg\u00ednia en tempura amb &#8220;all i oli&#8221; de mel.<\/span><br \/>\n<span class=\"preciomenu\">8,40\u20ac<\/span><\/p>\n<p><span class=\"titulomenu\">Musclos gallecs a la marinera fets al moment.<\/span><br \/>\n<span class=\"preciomenu\">14,50\u20ac<\/span><\/div><div class=\"nav fusion-mobile-tab-nav\"><ul class=\"nav-tabs\" role=\"tablist\" aria-orientation=\"vertical\"><li  role=\"presentation\"><a class=\"tab-link\" data-toggle=\"tab\" role=\"tab\" aria-controls=\"tab-b9f0a3fd19447a2465e\" aria-selected=\"false\" tabindex=\"-1\" id=\"mobile-fusion-tab-b9f0a3fd19447a2465e\" href=\"#tab-b9f0a3fd19447a2465e\"><h3 class=\"fusion-tab-heading\"><i class=\"fontawesome-icon icon-ui-home\" aria-hidden=\"true\" style=\"font-size:20px; --icon-color:var(--awb-color2);--icon-active-color:var(--awb-color5);\"><\/i>De l'hort a la taula<\/h3><\/a><\/li><\/ul><\/div><div class=\"tab-pane fade fusion-clearfix\" role=\"tabpanel\" tabindex=\"0\" aria-labelledby=\"fusion-tab-b9f0a3fd19447a2465e\" id=\"tab-b9f0a3fd19447a2465e\">\n<p style=\"text-align: center;\"><span class=\"destacadocarta\">Un espectacle de color i sabor<\/span><\/p>\n<p><img decoding=\"async\" class=\"aligncenter size-full\" style=\"margin: 0px 0px 0px 0px;\" src=\"\/wp-content\/uploads\/huerto-mesa.webp\" alt=\"\" width=\"1000\" height=\"322\" \/><\/p>\n<p style=\"text-align: center;\"><span class=\"subtitulo\">Amanides i verdures fresques i delicioses, ideals per a comen\u00e7ar a obrir boca i per a compartir.<\/span><\/p>\n<div class=\"fusion-separator\" style=\"align-self: center; width: 100%; max-width: 65px; margin: 1px auto 40px auto;\">\n<div class=\"fusion-separator-border sep-single sep-solid\" style=\"border-color: #b3894f; border-top-width: 2px;\"><\/div>\n<\/div>\n<p><span class=\"titulomenu\">Amanida de tom\u00e0quet.<\/span><br \/>\n<span class=\"textomenu\">Tom\u00e0quets de temporada i proximitat, combinats amb ceba tendre, ventresca de tonyina i un bon oli d&#8217;oliva verge.<br \/>\n<\/span><span class=\"preciomenu\">12,90\u20ac<\/span><\/p>\n<p><span class=\"titulomenu\">Burrata fresca.<\/span><br \/>\n<span class=\"textomenu\">Amb tom\u00e0quet en tres textures, pesto, cruixent ib\u00e8ric i pinyons.<br \/>\n<\/span><span class=\"preciomenu\">16,80\u20ac<\/span><\/p>\n<p><span class=\"titulomenu\">G\u00edrgoles a la brasa.<\/span><br \/>\n<span class=\"preciomenu\">6,80\u20ac<\/span><\/p>\n<p><span class=\"titulomenu\">Pebrots de Padr\u00f3 amb escates de sal.<\/span><span class=\"textomenu\"><br \/>\n<\/span><span class=\"preciomenu\">5,10\u20ac<\/span><\/p>\n<p><span class=\"titulomenu\">Patata al caliu amb all i julivert.<\/span><span class=\"textomenu\"><br \/>\n<\/span><span class=\"preciomenu\">3,75\u20ac<\/span><\/div><\/div><\/div><\/div><\/div><\/div><\/div><\/div><div id=\"principales\" class=\"fusion-container-anchor\"><div class=\"fusion-fullwidth fullwidth-box fusion-builder-row-3 fusion-flex-container has-pattern-background has-mask-background fusion-parallax-none nonhundred-percent-fullwidth non-hundred-percent-height-scrolling\" style=\"--awb-border-radius-top-left:0px;--awb-border-radius-top-right:0px;--awb-border-radius-bottom-right:0px;--awb-border-radius-bottom-left:0px;--awb-background-image:url(&quot;https:\/\/restaurantereinaelisenda.com\/wp-content\/uploads\/fondo-lateral-derecha_re.webp&quot;);--awb-background-size:cover;--awb-flex-wrap:wrap;\" ><div class=\"fusion-builder-row fusion-row fusion-flex-align-items-flex-start fusion-flex-justify-content-center fusion-flex-content-wrap\" style=\"max-width:1539.2px;margin-left: calc(-4% \/ 2 );margin-right: calc(-4% \/ 2 );\"><div class=\"fusion-layout-column fusion_builder_column fusion-builder-column-2 fusion_builder_column_5_6 5_6 fusion-flex-column\" style=\"--awb-bg-size:cover;--awb-width-large:83.333333333333%;--awb-margin-top-large:0px;--awb-spacing-right-large:2.304%;--awb-margin-bottom-large:20px;--awb-spacing-left-large:2.304%;--awb-width-medium:83.333333333333%;--awb-order-medium:0;--awb-spacing-right-medium:2.304%;--awb-spacing-left-medium:2.304%;--awb-width-small:100%;--awb-order-small:0;--awb-spacing-right-small:1.92%;--awb-spacing-left-small:1.92%;\"><div class=\"fusion-column-wrapper fusion-column-has-shadow fusion-flex-justify-content-flex-start fusion-content-layout-column\"><div class=\"fusion-title title fusion-title-5 fusion-sep-none fusion-title-center fusion-title-text fusion-title-size-div\" style=\"--awb-text-color:#000000;--awb-margin-top:0px;--awb-margin-bottom:16px;--awb-margin-top-small:10px;--awb-margin-right-small:0px;--awb-margin-bottom-small:10px;--awb-margin-left-small:0px;--awb-font-size:var(--awb-typography2-font-size);\"><div class=\"fusion-title-heading title-heading-center title-heading-tag fusion-responsive-typography-calculated\" style=\"font-family:var(--awb-typography2-font-family);font-weight:var(--awb-typography2-font-weight);font-style:var(--awb-typography2-font-style);margin:0;letter-spacing:var(--awb-typography2-letter-spacing);text-transform:var(--awb-typography2-text-transform);font-size:1em;--fontSize:60;line-height:var(--awb-typography2-line-height);\">Principals<\/div><\/div><div class=\"fusion-tabs fusion-tabs-2 classic vertical-tabs icon-position-left mobile-mode-accordion\" style=\"--awb-margin-top:20px;--awb-title-border-radius-top-left:0px;--awb-title-border-radius-top-right:0px;--awb-title-border-radius-bottom-right:0px;--awb-title-border-radius-bottom-left:0px;--awb-content-padding-top:20px;--awb-content-padding-right:30px;--awb-content-padding-bottom:35px;--awb-content-padding-left:30px;--awb-title-padding-top:20px;--awb-title-padding-right:15px;--awb-title-padding-bottom:20px;--awb-title-padding-left:15px;--awb-title-font-size:21px;--awb-title-text-transform:var(--awb-typography5-text-transform);--awb-title-line-height:var(--awb-typography5-line-height);--awb-title-letter-spacing:var(--awb-typography5-letter-spacing);--awb-alignment:start;--awb-inactive-color:var(--awb-color4);--awb-title-text-color:var(--awb-color3);--awb-title-active-text-color:var(--awb-color1);--awb-background-color:var(--awb-color3);--awb-border-color:var(--awb-color3);--awb-active-border-color:var(--awb-color4);--awb-title-font-family:var(--awb-typography5-font-family);--awb-title-font-weight:var(--awb-typography5-font-weight);--awb-title-font-style:var(--awb-typography5-font-style);\"><div class=\"nav\"><ul class=\"nav-tabs\" role=\"tablist\" aria-orientation=\"vertical\"><li class=\"active\" role=\"presentation\"><a class=\"tab-link\" data-toggle=\"tab\" role=\"tab\" aria-controls=\"tab-cd374fd6470f7934e66\" aria-selected=\"true\" tabindex=\"0\" id=\"fusion-tab-cd374fd6470f7934e66\" href=\"#tab-cd374fd6470f7934e66\"><h3 class=\"fusion-tab-heading\"><i class=\"fontawesome-icon icon-ui-home\" aria-hidden=\"true\" style=\"font-size:20px; --icon-color:var(--awb-color2);--icon-active-color:var(--awb-color5);\"><\/i>Pastes<\/h3><\/a><\/li><li  role=\"presentation\"><a class=\"tab-link\" data-toggle=\"tab\" role=\"tab\" aria-controls=\"tab-bf5fb44f92032a1828f\" aria-selected=\"false\" tabindex=\"-1\" id=\"fusion-tab-bf5fb44f92032a1828f\" href=\"#tab-bf5fb44f92032a1828f\"><h3 class=\"fusion-tab-heading\"><i class=\"fontawesome-icon icon-ui-home\" aria-hidden=\"true\" style=\"font-size:20px; --icon-color:var(--awb-color2);--icon-active-color:var(--awb-color5);\"><\/i>Arrossos i fideu\u00e0 (*)<\/h3><\/a><\/li><li  role=\"presentation\"><a class=\"tab-link\" data-toggle=\"tab\" role=\"tab\" aria-controls=\"tab-c4d75f6414cb03c9d1e\" aria-selected=\"false\" tabindex=\"-1\" id=\"fusion-tab-c4d75f6414cb03c9d1e\" href=\"#tab-c4d75f6414cb03c9d1e\"><h3 class=\"fusion-tab-heading\"><i class=\"fontawesome-icon icon-ui-home\" aria-hidden=\"true\" style=\"font-size:20px; --icon-color:var(--awb-color2);--icon-active-color:var(--awb-color5);\"><\/i>De la terra a la brasa d'alzina<\/h3><\/a><\/li><li  role=\"presentation\"><a class=\"tab-link\" data-toggle=\"tab\" role=\"tab\" aria-controls=\"tab-b00b3096b664a476ae0\" aria-selected=\"false\" tabindex=\"-1\" id=\"fusion-tab-b00b3096b664a476ae0\" href=\"#tab-b00b3096b664a476ae0\"><h3 class=\"fusion-tab-heading\"><i class=\"fontawesome-icon icon-ui-home\" aria-hidden=\"true\" style=\"font-size:20px; --icon-color:var(--awb-color2);--icon-active-color:var(--awb-color5);\"><\/i>Carns premium a la pedra<\/h3><\/a><\/li><li  role=\"presentation\"><a class=\"tab-link\" data-toggle=\"tab\" role=\"tab\" aria-controls=\"tab-eff726eed97c7305e8f\" aria-selected=\"false\" tabindex=\"-1\" id=\"fusion-tab-eff726eed97c7305e8f\" href=\"#tab-eff726eed97c7305e8f\"><h3 class=\"fusion-tab-heading\"><i class=\"fontawesome-icon icon-ui-home\" aria-hidden=\"true\" style=\"font-size:20px; --icon-color:var(--awb-color2);--icon-active-color:var(--awb-color5);\"><\/i>Del mar<\/h3><\/a><\/li><\/ul><\/div><div class=\"tab-content\"><div class=\"nav fusion-mobile-tab-nav\"><ul class=\"nav-tabs\" role=\"tablist\" aria-orientation=\"vertical\"><li class=\"active\" role=\"presentation\"><a class=\"tab-link\" data-toggle=\"tab\" role=\"tab\" aria-controls=\"tab-cd374fd6470f7934e66\" aria-selected=\"true\" tabindex=\"0\" id=\"mobile-fusion-tab-cd374fd6470f7934e66\" href=\"#tab-cd374fd6470f7934e66\"><h3 class=\"fusion-tab-heading\"><i class=\"fontawesome-icon icon-ui-home\" aria-hidden=\"true\" style=\"font-size:20px; --icon-color:var(--awb-color2);--icon-active-color:var(--awb-color5);\"><\/i>Pastes<\/h3><\/a><\/li><\/ul><\/div><div class=\"tab-pane fade fusion-clearfix in active\" role=\"tabpanel\" tabindex=\"0\" aria-labelledby=\"fusion-tab-cd374fd6470f7934e66\" id=\"tab-cd374fd6470f7934e66\">\n<p style=\"text-align: center;\"><span class=\"destacadocarta\">Un viatge de textura i sabor<\/span><\/p>\n<p><img decoding=\"async\" class=\"aligncenter size-full\" style=\"margin: 0px 0px 0px 0px;\" src=\"\/wp-content\/uploads\/cocina-tradicional.webp\" alt=\"\" width=\"1000\" height=\"322\" \/><\/p>\n<p style=\"text-align: center;\"><span class=\"subtitulo\">Per als amants de la pasta tradicional i per als quals busquen sabors sorprenents.<\/span><\/p>\n<div class=\"fusion-separator\" style=\"align-self: center; width: 100%; max-width: 65px; margin: 1px auto 40px auto;\">\n<div class=\"fusion-separator-border sep-single sep-solid\" style=\"border-color: #b3894f; border-top-width: 2px;\"><\/div>\n<\/div>\n<p><span class=\"titulomenu\">Canel\u00f3 de pollastre de corral, t\u00f2fona i foie a la crema de parmes\u00e0.<\/span><br \/>\n<span class=\"preciomenu\">15,20\u20ac<\/span><\/p>\n<p><span class=\"titulomenu\">Yakisoba amb verduretes al wok i cruixent de pollastre.<\/span><br \/>\n<span class=\"preciomenu\">12,50\u20ac<\/span><\/div><div class=\"nav fusion-mobile-tab-nav\"><ul class=\"nav-tabs\" role=\"tablist\" aria-orientation=\"vertical\"><li  role=\"presentation\"><a class=\"tab-link\" data-toggle=\"tab\" role=\"tab\" aria-controls=\"tab-bf5fb44f92032a1828f\" aria-selected=\"false\" tabindex=\"-1\" id=\"mobile-fusion-tab-bf5fb44f92032a1828f\" href=\"#tab-bf5fb44f92032a1828f\"><h3 class=\"fusion-tab-heading\"><i class=\"fontawesome-icon icon-ui-home\" aria-hidden=\"true\" style=\"font-size:20px; --icon-color:var(--awb-color2);--icon-active-color:var(--awb-color5);\"><\/i>Arrossos i fideu\u00e0 (*)<\/h3><\/a><\/li><\/ul><\/div><div class=\"tab-pane fade fusion-clearfix\" role=\"tabpanel\" tabindex=\"0\" aria-labelledby=\"fusion-tab-bf5fb44f92032a1828f\" id=\"tab-bf5fb44f92032a1828f\">\n<p style=\"text-align: center;\"><span class=\"destacadocarta\">Un dels nostres plats estrella<\/span><\/p>\n<p><img decoding=\"async\" class=\"aligncenter size-full\" style=\"margin: 0px 0px 0px 0px;\" src=\"\/wp-content\/uploads\/arroz-de-zamburinas.webp\" alt=\"\" width=\"1000\" height=\"322\" \/><\/p>\n<p style=\"text-align: center;\"><span class=\"subtitulo\">Elaborats pel nostre xef amb fumet fresc d&#8217;escamarlans, cranc, verdures i arr\u00f2s del \u201cMol\u00ed de Pals\u201d.<\/span><\/p>\n<div class=\"fusion-separator\" style=\"align-self: center; width: 100%; max-width: 65px; margin: 1px auto 40px auto;\">\n<div class=\"fusion-separator-border sep-single sep-solid\" style=\"border-color: #b3894f; border-top-width: 2px;\"><\/div>\n<\/div>\n<p><span class=\"titulomenu\">Arr\u00f2s de \u201czamburi\u00f1as\u201d.<\/span><br \/>\n<span class=\"preciomenu\">24,90\u20ac<\/span><\/p>\n<p><span class=\"titulomenu\">Arr\u00f2s mariner.<\/span><br \/>\n<span class=\"preciomenu\">19,90\u20ac<\/span><\/p>\n<p><span class=\"titulomenu\">Arr\u00f2s negre sense feina.<br \/>\n<\/span><span class=\"textomenu\">Amb s\u00e8pia, carxofes i all i oli fet a m\u00e0.<\/span><br \/>\n<span class=\"preciomenu\">17,90\u20ac<\/span><\/p>\n<p><span class=\"titulomenu\">Fideu\u00e0 mariner amb all i oli fet a m\u00e0.<\/span><br \/>\n<span class=\"preciomenu\">18,90\u20ac<\/span><\/p>\n<p><span class=\"textomenu\"><em>(*) M\u00ednim dues persones (preu per persona). 20 minuts.<\/em><\/span><\/div><div class=\"nav fusion-mobile-tab-nav\"><ul class=\"nav-tabs\" role=\"tablist\" aria-orientation=\"vertical\"><li  role=\"presentation\"><a class=\"tab-link\" data-toggle=\"tab\" role=\"tab\" aria-controls=\"tab-c4d75f6414cb03c9d1e\" aria-selected=\"false\" tabindex=\"-1\" id=\"mobile-fusion-tab-c4d75f6414cb03c9d1e\" href=\"#tab-c4d75f6414cb03c9d1e\"><h3 class=\"fusion-tab-heading\"><i class=\"fontawesome-icon icon-ui-home\" aria-hidden=\"true\" style=\"font-size:20px; --icon-color:var(--awb-color2);--icon-active-color:var(--awb-color5);\"><\/i>De la terra a la brasa d'alzina<\/h3><\/a><\/li><\/ul><\/div><div class=\"tab-pane fade fusion-clearfix\" role=\"tabpanel\" tabindex=\"0\" aria-labelledby=\"fusion-tab-c4d75f6414cb03c9d1e\" id=\"tab-c4d75f6414cb03c9d1e\">\n<p style=\"text-align: center;\"><span class=\"destacadocarta\">La nostra especialitat<\/span><\/p>\n<p><img decoding=\"async\" class=\"aligncenter size-full\" style=\"margin: 0px 0px 0px 0px;\" src=\"\/wp-content\/uploads\/tierra-brasa.webp\" alt=\"\" width=\"1000\" height=\"322\" \/><\/p>\n<p style=\"text-align: center;\"><span class=\"subtitulo\">Carns cuinades a la brasa d&#8217;alzina, que aporta un aroma i un gust inigualable.<\/span><\/p>\n<div class=\"fusion-separator\" style=\"align-self: center; width: 100%; max-width: 65px; margin: 1px auto 40px auto;\">\n<div class=\"fusion-separator-border sep-single sep-solid\" style=\"border-color: #b3894f; border-top-width: 2px;\"><\/div>\n<\/div>\n<p><span class=\"titulomenu\">Botifarra de pag\u00e8s amb fesols de Santa Pau.<\/span><br \/>\n<span class=\"preciomenu\">11,90\u20ac<\/span><\/p>\n<p><span class=\"titulomenu\">Pollastre de corral.<\/span><br \/>\n<span class=\"preciomenu\">13,90\u20ac<\/span><\/p>\n<p><span class=\"titulomenu\">Entrecot de vedella (300 g).<\/span><br \/>\n<span class=\"preciomenu\">18,80\u20ac<\/span><\/p>\n<p><span class=\"titulomenu\">\u201cLagartito\u201d ib\u00e8ric amb \u201cpapas i mojo pic\u00f3n\u201d.<\/span><br \/>\n<span class=\"preciomenu\">24,90\u20ac<\/span><\/div><div class=\"nav fusion-mobile-tab-nav\"><ul class=\"nav-tabs\" role=\"tablist\" aria-orientation=\"vertical\"><li  role=\"presentation\"><a class=\"tab-link\" data-toggle=\"tab\" role=\"tab\" aria-controls=\"tab-b00b3096b664a476ae0\" aria-selected=\"false\" tabindex=\"-1\" id=\"mobile-fusion-tab-b00b3096b664a476ae0\" href=\"#tab-b00b3096b664a476ae0\"><h3 class=\"fusion-tab-heading\"><i class=\"fontawesome-icon icon-ui-home\" aria-hidden=\"true\" style=\"font-size:20px; --icon-color:var(--awb-color2);--icon-active-color:var(--awb-color5);\"><\/i>Carns premium a la pedra<\/h3><\/a><\/li><\/ul><\/div><div class=\"tab-pane fade fusion-clearfix\" role=\"tabpanel\" tabindex=\"0\" aria-labelledby=\"fusion-tab-b00b3096b664a476ae0\" id=\"tab-b00b3096b664a476ae0\">\n<p style=\"text-align: center;\"><span class=\"destacadocarta\">Carns de primer\u00edssima qualitat <\/span><\/p>\n<p><img decoding=\"async\" class=\"aligncenter size-full\" style=\"margin: 0px 0px 0px 0px;\" src=\"\/wp-content\/uploads\/picana.webp\" alt=\"\" width=\"1000\" height=\"322\" \/><\/p>\n<p style=\"text-align: center;\"><span class=\"subtitulo\">Punt de cocci\u00f3 al gust de cada comensal, gaudint del primer a l&#8217;\u00faltim mos.<\/span><\/p>\n<div class=\"fusion-separator\" style=\"align-self: center; width: 100%; max-width: 65px; margin: 1px auto 40px auto;\">\n<div class=\"fusion-separator-border sep-single sep-solid\" style=\"border-color: #b3894f; border-top-width: 2px;\"><\/div>\n<\/div>\n<p><span class=\"titulomenu\">Tallata de llom baix de vaca.<\/span><br \/>\n<span class=\"preciomenu\">21,80\u20ac<\/span><\/p>\n<p><span class=\"titulomenu\">Picanya de Black Angus 600gr. D.O. Uruguay.<\/span><br \/>\n<span class=\"preciomenu\">53,00\u20ac<\/span><\/p>\n<p><span class=\"titulomenu\">Chulet\u00f3n de vaca Angus madurada 30 dies 1kg.<\/span><br \/>\n<span class=\"preciomenu\">78,00\u20ac<\/span><\/div><div class=\"nav fusion-mobile-tab-nav\"><ul class=\"nav-tabs\" role=\"tablist\" aria-orientation=\"vertical\"><li  role=\"presentation\"><a class=\"tab-link\" data-toggle=\"tab\" role=\"tab\" aria-controls=\"tab-eff726eed97c7305e8f\" aria-selected=\"false\" tabindex=\"-1\" id=\"mobile-fusion-tab-eff726eed97c7305e8f\" href=\"#tab-eff726eed97c7305e8f\"><h3 class=\"fusion-tab-heading\"><i class=\"fontawesome-icon icon-ui-home\" aria-hidden=\"true\" style=\"font-size:20px; --icon-color:var(--awb-color2);--icon-active-color:var(--awb-color5);\"><\/i>Del mar<\/h3><\/a><\/li><\/ul><\/div><div class=\"tab-pane fade fusion-clearfix\" role=\"tabpanel\" tabindex=\"0\" aria-labelledby=\"fusion-tab-eff726eed97c7305e8f\" id=\"tab-eff726eed97c7305e8f\">\n<p style=\"text-align: center;\"><span class=\"destacadocarta\">A la brasa, tot sap millor<\/span><\/p>\n<p><img decoding=\"async\" class=\"aligncenter size-full\" style=\"margin: 0px 0px 0px 0px;\" src=\"\/wp-content\/uploads\/del-mar.webp\" alt=\"\" width=\"1000\" height=\"322\" \/><\/p>\n<p style=\"text-align: center;\"><span class=\"subtitulo\">Peixos i marisc rostits a la brasa, amb l&#8217;aroma \u00fanic que aporta la bona graella.<br \/>\n<\/span><\/p>\n<div class=\"fusion-separator\" style=\"align-self: center; width: 100%; max-width: 65px; margin: 1px auto 40px auto;\">\n<div class=\"fusion-separator-border sep-single sep-solid\" style=\"border-color: #b3894f; border-top-width: 2px;\"><\/div>\n<\/div>\n<p><span class=\"titulomenu\">Pop a la brasa amb patata al pebre vermell de la Vera.<\/span><br \/>\n<span class=\"preciomenu\">24,90\u20ac<\/span><\/p>\n<p><span class=\"titulomenu\">Orada a la brasa.<\/span><br \/>\n<span class=\"preciomenu\">17,50\u20ac<\/span><\/p>\n<p><span class=\"titulomenu\">Llom de bacall\u00e0 a la llauna amb fesols de Santa Pau.<\/span><br \/>\n<span class=\"preciomenu\">19,80\u20ac<\/span><\/div><\/div><\/div><\/div><\/div><\/div><\/div><\/div><div id=\"otros\" class=\"fusion-container-anchor\"><div class=\"fusion-fullwidth fullwidth-box fusion-builder-row-4 fusion-flex-container has-pattern-background has-mask-background fusion-parallax-none nonhundred-percent-fullwidth non-hundred-percent-height-scrolling\" style=\"--awb-border-radius-top-left:0px;--awb-border-radius-top-right:0px;--awb-border-radius-bottom-right:0px;--awb-border-radius-bottom-left:0px;--awb-background-image:url(&quot;https:\/\/restaurantereinaelisenda.com\/wp-content\/uploads\/fondo-lateral_re.webp&quot;);--awb-background-size:cover;--awb-flex-wrap:wrap;\" ><div class=\"fusion-builder-row fusion-row fusion-flex-align-items-flex-start fusion-flex-justify-content-center fusion-flex-content-wrap\" style=\"max-width:1539.2px;margin-left: calc(-4% \/ 2 );margin-right: calc(-4% \/ 2 );\"><div class=\"fusion-layout-column fusion_builder_column fusion-builder-column-3 fusion_builder_column_5_6 5_6 fusion-flex-column\" style=\"--awb-bg-size:cover;--awb-width-large:83.333333333333%;--awb-margin-top-large:0px;--awb-spacing-right-large:2.304%;--awb-margin-bottom-large:20px;--awb-spacing-left-large:2.304%;--awb-width-medium:83.333333333333%;--awb-order-medium:0;--awb-spacing-right-medium:2.304%;--awb-spacing-left-medium:2.304%;--awb-width-small:100%;--awb-order-small:0;--awb-spacing-right-small:1.92%;--awb-spacing-left-small:1.92%;\"><div class=\"fusion-column-wrapper fusion-column-has-shadow fusion-flex-justify-content-flex-start fusion-content-layout-column\"><div class=\"fusion-title title fusion-title-6 fusion-sep-none fusion-title-center fusion-title-text fusion-title-size-div\" style=\"--awb-text-color:#000000;--awb-margin-top:0px;--awb-margin-bottom:16px;--awb-margin-top-small:10px;--awb-margin-right-small:0px;--awb-margin-bottom-small:10px;--awb-margin-left-small:0px;--awb-font-size:var(--awb-typography2-font-size);\"><div class=\"fusion-title-heading title-heading-center title-heading-tag fusion-responsive-typography-calculated\" style=\"font-family:var(--awb-typography2-font-family);font-weight:var(--awb-typography2-font-weight);font-style:var(--awb-typography2-font-style);margin:0;letter-spacing:var(--awb-typography2-letter-spacing);text-transform:var(--awb-typography2-text-transform);font-size:1em;--fontSize:60;line-height:var(--awb-typography2-line-height);\">Altres<\/div><\/div><div class=\"fusion-tabs fusion-tabs-3 classic vertical-tabs icon-position-left mobile-mode-accordion\" style=\"--awb-margin-top:20px;--awb-title-border-radius-top-left:0px;--awb-title-border-radius-top-right:0px;--awb-title-border-radius-bottom-right:0px;--awb-title-border-radius-bottom-left:0px;--awb-content-padding-top:20px;--awb-content-padding-right:30px;--awb-content-padding-bottom:35px;--awb-content-padding-left:30px;--awb-title-padding-top:20px;--awb-title-padding-right:15px;--awb-title-padding-bottom:20px;--awb-title-padding-left:15px;--awb-title-font-size:21px;--awb-title-text-transform:var(--awb-typography5-text-transform);--awb-title-line-height:var(--awb-typography5-line-height);--awb-title-letter-spacing:var(--awb-typography5-letter-spacing);--awb-alignment:start;--awb-inactive-color:var(--awb-color4);--awb-title-text-color:var(--awb-color3);--awb-title-active-text-color:var(--awb-color1);--awb-background-color:var(--awb-color3);--awb-border-color:var(--awb-color3);--awb-active-border-color:var(--awb-color4);--awb-title-font-family:var(--awb-typography5-font-family);--awb-title-font-weight:var(--awb-typography5-font-weight);--awb-title-font-style:var(--awb-typography5-font-style);\"><div class=\"nav\"><ul class=\"nav-tabs\" role=\"tablist\" aria-orientation=\"vertical\"><li class=\"active\" role=\"presentation\"><a class=\"tab-link\" data-toggle=\"tab\" role=\"tab\" aria-controls=\"tab-f62bc11a00158bf735c\" aria-selected=\"true\" tabindex=\"0\" id=\"fusion-tab-f62bc11a00158bf735c\" href=\"#tab-f62bc11a00158bf735c\"><h3 class=\"fusion-tab-heading\"><i class=\"fontawesome-icon icon-ui-home\" aria-hidden=\"true\" style=\"font-size:20px; --icon-color:var(--awb-color2);--icon-active-color:var(--awb-color5);\"><\/i>Salses<\/h3><\/a><\/li><li  role=\"presentation\"><a class=\"tab-link\" data-toggle=\"tab\" role=\"tab\" aria-controls=\"tab-c501714b4fe1aac0bfd\" aria-selected=\"false\" tabindex=\"-1\" id=\"fusion-tab-c501714b4fe1aac0bfd\" href=\"#tab-c501714b4fe1aac0bfd\"><h3 class=\"fusion-tab-heading\"><i class=\"fontawesome-icon icon-ui-home\" aria-hidden=\"true\" style=\"font-size:20px; --icon-color:var(--awb-color2);--icon-active-color:var(--awb-color5);\"><\/i>Pans a la brasa<\/h3><\/a><\/li><li  role=\"presentation\"><a class=\"tab-link\" data-toggle=\"tab\" role=\"tab\" aria-controls=\"tab-a5d6591d8c83b4a8eb6\" aria-selected=\"false\" tabindex=\"-1\" id=\"fusion-tab-a5d6591d8c83b4a8eb6\" href=\"#tab-a5d6591d8c83b4a8eb6\"><h3 class=\"fusion-tab-heading\"><i class=\"fontawesome-icon icon-ui-home\" aria-hidden=\"true\" style=\"font-size:20px; --icon-color:var(--awb-color2);--icon-active-color:var(--awb-color5);\"><\/i>Per als m\u00e9s petits<\/h3><\/a><\/li><\/ul><\/div><div class=\"tab-content\"><div class=\"nav fusion-mobile-tab-nav\"><ul class=\"nav-tabs\" role=\"tablist\" aria-orientation=\"vertical\"><li class=\"active\" role=\"presentation\"><a class=\"tab-link\" data-toggle=\"tab\" role=\"tab\" aria-controls=\"tab-f62bc11a00158bf735c\" aria-selected=\"true\" tabindex=\"0\" id=\"mobile-fusion-tab-f62bc11a00158bf735c\" href=\"#tab-f62bc11a00158bf735c\"><h3 class=\"fusion-tab-heading\"><i class=\"fontawesome-icon icon-ui-home\" aria-hidden=\"true\" style=\"font-size:20px; --icon-color:var(--awb-color2);--icon-active-color:var(--awb-color5);\"><\/i>Salses<\/h3><\/a><\/li><\/ul><\/div><div class=\"tab-pane fade fusion-clearfix in active\" role=\"tabpanel\" tabindex=\"0\" aria-labelledby=\"fusion-tab-f62bc11a00158bf735c\" id=\"tab-f62bc11a00158bf735c\">\n<p style=\"text-align: center;\"><span class=\"destacadocarta\">Salses al gust<\/span><\/p>\n<p><img decoding=\"async\" class=\"aligncenter size-full\" style=\"margin: 0px 0px 0px 0px;\" src=\"\/wp-content\/uploads\/salsas.webp\" alt=\"\" width=\"1000\" height=\"322\" \/><\/p>\n<p style=\"text-align: center;\"><span class=\"subtitulo\">Converteix un plat especial en un plat \u00fanic.<\/span><\/p>\n<div class=\"fusion-separator\" style=\"align-self: center; width: 100%; max-width: 65px; margin: 1px auto 40px auto;\">\n<div class=\"fusion-separator-border sep-single sep-solid\" style=\"border-color: #b3894f; border-top-width: 2px;\"><\/div>\n<\/div>\n<p><span class=\"titulomenu\">All i oli de morter (fet a m\u00e0).<\/span><br \/>\n<span class=\"preciomenu\">2,85\u20ac<\/span><\/p>\n<p><span class=\"titulomenu\">Salsa Roquefort.<\/span><br \/>\n<span class=\"preciomenu\">2,85\u20ac<\/span><\/p>\n<p><span class=\"titulomenu\">Salsa Romesco.<\/span><br \/>\n<span class=\"preciomenu\">2,85\u20ac<\/span><\/p>\n<p><span class=\"titulomenu\">Salsa &#8220;Mojo pic\u00f3n&#8221;.<\/span><br \/>\n<span class=\"preciomenu\">2,30\u20ac<\/span><\/div><div class=\"nav fusion-mobile-tab-nav\"><ul class=\"nav-tabs\" role=\"tablist\" aria-orientation=\"vertical\"><li  role=\"presentation\"><a class=\"tab-link\" data-toggle=\"tab\" role=\"tab\" aria-controls=\"tab-c501714b4fe1aac0bfd\" aria-selected=\"false\" tabindex=\"-1\" id=\"mobile-fusion-tab-c501714b4fe1aac0bfd\" href=\"#tab-c501714b4fe1aac0bfd\"><h3 class=\"fusion-tab-heading\"><i class=\"fontawesome-icon icon-ui-home\" aria-hidden=\"true\" style=\"font-size:20px; --icon-color:var(--awb-color2);--icon-active-color:var(--awb-color5);\"><\/i>Pans a la brasa<\/h3><\/a><\/li><\/ul><\/div><div class=\"tab-pane fade fusion-clearfix\" role=\"tabpanel\" tabindex=\"0\" aria-labelledby=\"fusion-tab-c501714b4fe1aac0bfd\" id=\"tab-c501714b4fe1aac0bfd\">\n<p style=\"text-align: center;\"><span class=\"destacadocarta\">Acabat de torrar i al punt<\/span><\/p>\n<p><img decoding=\"async\" class=\"aligncenter size-full\" style=\"margin: 0px 0px 0px 0px;\" src=\"\/wp-content\/uploads\/panes-brasa.webp\" alt=\"\" width=\"1000\" height=\"322\" \/><\/p>\n<p style=\"text-align: center;\"><span class=\"subtitulo\">Pa a la brasa servit amb tom\u00e0quet de penjar, oli d&#8217;oliva verge i all.<\/span><\/p>\n<div class=\"fusion-separator\" style=\"align-self: center; width: 100%; max-width: 65px; margin: 1px auto 40px auto;\">\n<div class=\"fusion-separator-border sep-single sep-solid\" style=\"border-color: #b3894f; border-top-width: 2px;\"><\/div>\n<\/div>\n<p><span class=\"titulomenu\">Pa de pag\u00e8s de massa mare del \u201cForn Oliveras\u201d.<\/span><br \/>\n<span class=\"preciomenu\">2,50\u20ac<\/span><\/p>\n<p><span class=\"titulomenu\">Pa sense gluten.<\/span><br \/>\n<span class=\"preciomenu\">2,75\u20ac<\/span><\/div><div class=\"nav fusion-mobile-tab-nav\"><ul class=\"nav-tabs\" role=\"tablist\" aria-orientation=\"vertical\"><li  role=\"presentation\"><a class=\"tab-link\" data-toggle=\"tab\" role=\"tab\" aria-controls=\"tab-a5d6591d8c83b4a8eb6\" aria-selected=\"false\" tabindex=\"-1\" id=\"mobile-fusion-tab-a5d6591d8c83b4a8eb6\" href=\"#tab-a5d6591d8c83b4a8eb6\"><h3 class=\"fusion-tab-heading\"><i class=\"fontawesome-icon icon-ui-home\" aria-hidden=\"true\" style=\"font-size:20px; --icon-color:var(--awb-color2);--icon-active-color:var(--awb-color5);\"><\/i>Per als m\u00e9s petits<\/h3><\/a><\/li><\/ul><\/div><div class=\"tab-pane fade fusion-clearfix\" role=\"tabpanel\" tabindex=\"0\" aria-labelledby=\"fusion-tab-a5d6591d8c83b4a8eb6\" id=\"tab-a5d6591d8c83b4a8eb6\">\n<p style=\"text-align: center;\"><span class=\"destacadocarta\">Per a petits gourmets.<\/span><\/p>\n<p><img decoding=\"async\" class=\"aligncenter size-full\" style=\"margin: 0px 0px 0px 0px;\" src=\"\/wp-content\/uploads\/menu-infantil.webp\" alt=\"\" width=\"1000\" height=\"322\" \/><\/p>\n<p style=\"text-align: center;\"><span class=\"subtitulo\">Opcions per a nens fins a 12 anys.<br \/>\n<\/span><\/p>\n<div class=\"fusion-separator\" style=\"align-self: center; width: 100%; max-width: 65px; margin: 1px auto 40px auto;\">\n<div class=\"fusion-separator-border sep-single sep-solid\" style=\"border-color: #b3894f; border-top-width: 2px;\"><\/div>\n<\/div>\n<p><span class=\"titulomenu\">Tria el que m\u00e9s li agradi<\/span><br \/>\n<span class=\"subtitulo\">Macarrons a la bolognesa.<\/span><br \/>\n<span class=\"subtitulo\">Fingers de pollastre amb patates fregides.<\/span><br \/>\n<span class=\"subtitulo\">Botifarra de pag\u00e8s a la brasa amb patates fregides.<\/span><br \/>\n<span class=\"preciomenu\">8,00\u20ac<\/span><\/p>\n<p><span class=\"titulomenu\">Terrina de gelat.<\/span><br \/>\n<span class=\"preciomenu\">2,10\u20ac<\/span><\/div><\/div><\/div><\/div><\/div><\/div><\/div><\/div><div class=\"fusion-fullwidth fullwidth-box fusion-builder-row-5 fusion-flex-container has-pattern-background has-mask-background nonhundred-percent-fullwidth non-hundred-percent-height-scrolling\" style=\"--link_color: var(--awb-color3);--awb-border-radius-top-left:0px;--awb-border-radius-top-right:0px;--awb-border-radius-bottom-right:0px;--awb-border-radius-bottom-left:0px;--awb-padding-top:50px;--awb-padding-bottom:50px;--awb-padding-top-small:20px;--awb-background-color:var(--awb-color1);--awb-flex-wrap:wrap;\" ><div class=\"fusion-builder-row fusion-row fusion-flex-align-items-flex-start fusion-flex-justify-content-center fusion-flex-content-wrap\" style=\"max-width:calc( 1480px + 24px );margin-left: calc(-24px \/ 2 );margin-right: calc(-24px \/ 2 );\"><div class=\"fusion-layout-column fusion_builder_column fusion-builder-column-4 fusion_builder_column_4_5 4_5 fusion-flex-column fusion-flex-align-self-stretch\" style=\"--awb-padding-right:12px;--awb-padding-left:12px;--awb-padding-right-medium:0px;--awb-padding-left-medium:0px;--awb-bg-size:cover;--awb-width-large:80%;--awb-margin-top-large:0px;--awb-spacing-right-large:12px;--awb-margin-bottom-large:0px;--awb-spacing-left-large:12px;--awb-width-medium:83.333333333333%;--awb-order-medium:0;--awb-spacing-right-medium:12px;--awb-margin-bottom-medium:48px;--awb-spacing-left-medium:12px;--awb-width-small:100%;--awb-order-small:0;--awb-spacing-right-small:12px;--awb-spacing-left-small:12px;\" data-scroll-devices=\"small-visibility,medium-visibility,large-visibility\"><div class=\"fusion-column-wrapper fusion-column-has-shadow fusion-flex-justify-content-center fusion-content-layout-column\"><div class=\"fusion-title title fusion-title-7 fusion-sep-none fusion-title-center fusion-title-text fusion-title-size-div\" style=\"--awb-text-color:var(--awb-color3);--awb-margin-bottom:0px;--awb-margin-top-small:10px;--awb-margin-right-small:0px;--awb-margin-bottom-small:10px;--awb-margin-left-small:0px;--awb-font-size:var(--awb-typography4-font-size);\"><div class=\"fusion-title-heading title-heading-center title-heading-tag fusion-responsive-typography-calculated\" style=\"font-family:var(--awb-typography4-font-family);font-weight:var(--awb-typography4-font-weight);font-style:var(--awb-typography4-font-style);margin:0;letter-spacing:var(--awb-typography4-letter-spacing);text-transform:uppercase;font-size:1em;--fontSize:21;--minFontSize:21;line-height:var(--awb-typography4-line-height);\">Consulta aquestes cartes<\/div><\/div><div class=\"fusion-title title fusion-title-8 fusion-sep-none fusion-title-center fusion-title-text fusion-title-size-div\" style=\"--awb-text-color:#000000;--awb-margin-top:0px;--awb-margin-bottom:16px;--awb-margin-top-small:10px;--awb-margin-right-small:0px;--awb-margin-bottom-small:10px;--awb-margin-left-small:0px;--awb-font-size:var(--awb-typography2-font-size);\"><div class=\"fusion-title-heading title-heading-center title-heading-tag fusion-responsive-typography-calculated\" style=\"font-family:var(--awb-typography2-font-family);font-weight:var(--awb-typography2-font-weight);font-style:var(--awb-typography2-font-style);margin:0;letter-spacing:var(--awb-typography2-letter-spacing);text-transform:var(--awb-typography2-text-transform);font-size:1em;--fontSize:60;line-height:var(--awb-typography2-line-height);\">Et ve de gust una cosa especial?<\/div><\/div><\/div><\/div><div class=\"fusion-layout-column fusion_builder_column fusion-builder-column-5 fusion-flex-column fusion-flex-align-self-stretch fusion-column-inner-bg-wrapper\" style=\"--awb-padding-top:24px;--awb-padding-right:24px;--awb-padding-bottom:24px;--awb-padding-left:24px;--awb-overflow:hidden;--awb-inner-bg-color:var(--awb-color4);--awb-inner-bg-color-hover:var(--awb-color4);--awb-inner-bg-size:cover;--awb-box-shadow:0px 3px 8px -1px rgba(14,39,88,0.08);;--awb-border-radius:6px 6px 6px 6px;--awb-inner-bg-border-radius:6px 6px 6px 6px;--awb-inner-bg-overflow:hidden;--awb-width-large:24%;--awb-margin-top-large:0px;--awb-spacing-right-large:12px;--awb-margin-bottom-large:20px;--awb-spacing-left-large:12px;--awb-width-medium:33.333333333333%;--awb-order-medium:0;--awb-spacing-right-medium:12px;--awb-spacing-left-medium:12px;--awb-width-small:100%;--awb-order-small:0;--awb-spacing-right-small:12px;--awb-spacing-left-small:12px;\" data-scroll-devices=\"small-visibility,medium-visibility,large-visibility\"><span class=\"fusion-column-inner-bg hover-type-none\"><a class=\"fusion-column-anchor\" href=\"\/ca\/carta\/carns-a-la-pedra\/\"><span class=\"fusion-column-inner-bg-image\"><\/span><\/a><\/span><div class=\"fusion-column-wrapper fusion-column-has-shadow fusion-flex-justify-content-flex-start fusion-content-layout-column\"><div class=\"fusion-image-element \" style=\"--awb-max-width:132px;--awb-caption-title-font-family:var(--h2_typography-font-family);--awb-caption-title-font-weight:var(--h2_typography-font-weight);--awb-caption-title-font-style:var(--h2_typography-font-style);--awb-caption-title-size:var(--h2_typography-font-size);--awb-caption-title-transform:var(--h2_typography-text-transform);--awb-caption-title-line-height:var(--h2_typography-line-height);--awb-caption-title-letter-spacing:var(--h2_typography-letter-spacing);\"><span class=\" fusion-imageframe imageframe-none imageframe-1 hover-type-none\"><img decoding=\"async\" width=\"128\" height=\"128\" alt=\"Sugerencias\" title=\"Sugerencias\" src=\"https:\/\/restaurantereinaelisenda.com\/wp-content\/uploads\/tray.png\" class=\"img-responsive wp-image-15968\" srcset=\"https:\/\/restaurantereinaelisenda.com\/wp-content\/uploads\/tray-66x66.png 66w, https:\/\/restaurantereinaelisenda.com\/wp-content\/uploads\/tray.png 128w\" sizes=\"(max-width: 128px) 100vw, 128px\" \/><\/span><\/div><div class=\"fusion-title title fusion-title-9 fusion-sep-none fusion-title-text fusion-title-size-three\" style=\"--awb-text-color:var(--awb-color3);--awb-margin-bottom:8px;--awb-margin-top-small:40px;--awb-margin-right-small:0px;--awb-margin-bottom-small:6px;--awb-margin-left-small:0px;--awb-font-size:var(--awb-typography5-font-size);\"><h3 class=\"fusion-title-heading title-heading-left fusion-responsive-typography-calculated\" style=\"font-family:var(--awb-typography5-font-family);font-weight:var(--awb-typography5-font-weight);font-style:var(--awb-typography5-font-style);margin:0;letter-spacing:var(--awb-typography5-letter-spacing);text-transform:var(--awb-typography5-text-transform);font-size:1em;--fontSize:30;line-height:var(--awb-typography5-line-height);\">Suggeriments<\/h3><\/div><div class=\"fusion-text fusion-text-1 fusion-text-no-margin\" style=\"--awb-font-size:var(--awb-typography4-font-size);--awb-line-height:var(--awb-typography4-line-height);--awb-letter-spacing:var(--awb-typography4-letter-spacing);--awb-text-transform:var(--awb-typography4-text-transform);--awb-text-color:var(--awb-color8);--awb-margin-bottom:0px;--awb-text-font-family:var(--awb-typography4-font-family);--awb-text-font-weight:var(--awb-typography4-font-weight);--awb-text-font-style:var(--awb-typography4-font-style);\"><p><strong>Per a ca\u00e7ar al vol<\/strong><br \/>\nPlats fora de carta&#8230; I fora de s\u00e8rie.<\/p>\n<\/div><div ><a class=\"fusion-button button-flat fusion-button-default-size button-default fusion-button-default button-1 fusion-button-default-span fusion-button-default-type\" style=\"--awb-margin-top:10px;\" target=\"_self\" href=\"\/ca\/carta\/carns-a-la-pedra\/\"><span class=\"fusion-button-text awb-button__text awb-button__text--default\">Veure els suggeriments<\/span><\/a><\/div><\/div><\/div><div class=\"fusion-layout-column fusion_builder_column fusion-builder-column-6 fusion-flex-column fusion-flex-align-self-stretch fusion-column-inner-bg-wrapper\" style=\"--awb-padding-top:24px;--awb-padding-right:24px;--awb-padding-bottom:24px;--awb-padding-left:24px;--awb-overflow:hidden;--awb-inner-bg-color:var(--awb-color4);--awb-inner-bg-color-hover:var(--awb-color4);--awb-inner-bg-size:cover;--awb-box-shadow:0px 3px 8px -1px rgba(14,39,88,0.08);;--awb-border-radius:6px 6px 6px 6px;--awb-inner-bg-border-radius:6px 6px 6px 6px;--awb-inner-bg-overflow:hidden;--awb-width-large:24%;--awb-margin-top-large:0px;--awb-spacing-right-large:12px;--awb-margin-bottom-large:20px;--awb-spacing-left-large:12px;--awb-width-medium:33.333333333333%;--awb-order-medium:0;--awb-spacing-right-medium:12px;--awb-spacing-left-medium:12px;--awb-width-small:100%;--awb-order-small:0;--awb-spacing-right-small:12px;--awb-spacing-left-small:12px;\" data-scroll-devices=\"small-visibility,medium-visibility,large-visibility\"><span class=\"fusion-column-inner-bg hover-type-none\"><a class=\"fusion-column-anchor\" href=\"\/ca\/carta\/postres-i-cocktails\/\"><span class=\"fusion-column-inner-bg-image\"><\/span><\/a><\/span><div class=\"fusion-column-wrapper fusion-column-has-shadow fusion-flex-justify-content-flex-start fusion-content-layout-column\"><div class=\"fusion-image-element \" style=\"--awb-max-width:132px;--awb-caption-title-font-family:var(--h2_typography-font-family);--awb-caption-title-font-weight:var(--h2_typography-font-weight);--awb-caption-title-font-style:var(--h2_typography-font-style);--awb-caption-title-size:var(--h2_typography-font-size);--awb-caption-title-transform:var(--h2_typography-text-transform);--awb-caption-title-line-height:var(--h2_typography-line-height);--awb-caption-title-letter-spacing:var(--h2_typography-letter-spacing);\"><span class=\" fusion-imageframe imageframe-none imageframe-2 hover-type-none\"><img decoding=\"async\" width=\"128\" height=\"128\" alt=\"Postres\" title=\"Postres\" src=\"https:\/\/restaurantereinaelisenda.com\/wp-content\/uploads\/cupcakes-1.png\" class=\"img-responsive wp-image-15969\" srcset=\"https:\/\/restaurantereinaelisenda.com\/wp-content\/uploads\/cupcakes-1-66x66.png 66w, https:\/\/restaurantereinaelisenda.com\/wp-content\/uploads\/cupcakes-1.png 128w\" sizes=\"(max-width: 128px) 100vw, 128px\" \/><\/span><\/div><div class=\"fusion-title title fusion-title-10 fusion-sep-none fusion-title-text fusion-title-size-three\" style=\"--awb-text-color:var(--awb-color3);--awb-margin-bottom:8px;--awb-margin-top-small:40px;--awb-margin-right-small:0px;--awb-margin-bottom-small:6px;--awb-margin-left-small:0px;--awb-font-size:var(--awb-typography5-font-size);\"><h3 class=\"fusion-title-heading title-heading-left fusion-responsive-typography-calculated\" style=\"font-family:var(--awb-typography5-font-family);font-weight:var(--awb-typography5-font-weight);font-style:var(--awb-typography5-font-style);margin:0;letter-spacing:var(--awb-typography5-letter-spacing);text-transform:var(--awb-typography5-text-transform);font-size:1em;--fontSize:30;line-height:var(--awb-typography5-line-height);\">Postres<\/h3><\/div><div class=\"fusion-text fusion-text-2 fusion-text-no-margin\" style=\"--awb-font-size:var(--awb-typography4-font-size);--awb-line-height:var(--awb-typography4-line-height);--awb-letter-spacing:var(--awb-typography4-letter-spacing);--awb-text-transform:var(--awb-typography4-text-transform);--awb-text-color:var(--awb-color8);--awb-margin-bottom:0px;--awb-text-font-family:var(--awb-typography4-font-family);--awb-text-font-weight:var(--awb-typography4-font-weight);--awb-text-font-style:var(--awb-typography4-font-style);\"><p><strong>Sempre queda buit<\/strong><br \/>\nSe serveix al final, per\u00f2 sabem que es tria lo primer.<\/p>\n<\/div><div ><a class=\"fusion-button button-flat fusion-button-default-size button-default fusion-button-default button-2 fusion-button-default-span fusion-button-default-type\" style=\"--awb-margin-top:10px;\" target=\"_self\" href=\"\/ca\/carta\/postres-i-cocktails\/\"><span class=\"fusion-button-text awb-button__text awb-button__text--default\">Veure les postres<\/span><\/a><\/div><\/div><\/div><\/div><\/div><div class=\"fusion-fullwidth fullwidth-box fusion-builder-row-6 fusion-flex-container has-pattern-background has-mask-background hundred-percent-fullwidth non-hundred-percent-height-scrolling\" style=\"--awb-border-radius-top-left:0px;--awb-border-radius-top-right:0px;--awb-border-radius-bottom-right:0px;--awb-border-radius-bottom-left:0px;--awb-padding-top:50px;--awb-padding-bottom:50px;--awb-padding-top-small:0px;--awb-flex-wrap:wrap;\" ><div class=\"fusion-builder-row fusion-row fusion-flex-align-items-stretch fusion-flex-justify-content-center fusion-flex-content-wrap\" style=\"width:calc( 100% + 15px ) !important;max-width:calc( 100% + 15px ) !important;margin-left: calc(-15px \/ 2 );margin-right: calc(-15px \/ 2 );\"><div class=\"fusion-layout-column fusion_builder_column fusion-builder-column-7 fusion_builder_column_1_5 1_5 fusion-flex-column\" style=\"--awb-bg-size:cover;--awb-width-large:20%;--awb-margin-top-large:80px;--awb-spacing-right-large:7.5px;--awb-margin-bottom-large:20px;--awb-spacing-left-large:7.5px;--awb-width-medium:20%;--awb-order-medium:0;--awb-spacing-right-medium:7.5px;--awb-spacing-left-medium:7.5px;--awb-width-small:100%;--awb-order-small:0;--awb-margin-top-small:0px;--awb-spacing-right-small:7.5px;--awb-spacing-left-small:7.5px;\" data-scroll-devices=\"small-visibility,medium-visibility,large-visibility\"><div class=\"fusion-column-wrapper fusion-column-has-shadow fusion-flex-justify-content-flex-start fusion-content-layout-column\"><div class=\"fusion-image-element \" style=\"--awb-caption-title-font-family:var(--h2_typography-font-family);--awb-caption-title-font-weight:var(--h2_typography-font-weight);--awb-caption-title-font-style:var(--h2_typography-font-style);--awb-caption-title-size:var(--h2_typography-font-size);--awb-caption-title-transform:var(--h2_typography-text-transform);--awb-caption-title-line-height:var(--h2_typography-line-height);--awb-caption-title-letter-spacing:var(--h2_typography-letter-spacing);\"><span class=\" fusion-imageframe imageframe-none imageframe-3 hover-type-none\" style=\"border-radius:25px 0px 0px 0px;\"><img decoding=\"async\" width=\"400\" height=\"543\" alt=\"Ensalada\" title=\"Ensalada\" src=\"https:\/\/restaurantereinaelisenda.com\/wp-content\/uploads\/ensalada-gif.gif\" class=\"img-responsive wp-image-15960\"\/><\/span><\/div><\/div><\/div><div class=\"fusion-layout-column fusion_builder_column fusion-builder-column-8 fusion_builder_column_1_5 1_5 fusion-flex-column\" style=\"--awb-bg-size:cover;--awb-width-large:20%;--awb-margin-top-large:30px;--awb-spacing-right-large:7.5px;--awb-margin-bottom-large:20px;--awb-spacing-left-large:7.5px;--awb-width-medium:20%;--awb-order-medium:0;--awb-spacing-right-medium:7.5px;--awb-spacing-left-medium:7.5px;--awb-width-small:100%;--awb-order-small:0;--awb-margin-top-small:0px;--awb-spacing-right-small:7.5px;--awb-spacing-left-small:7.5px;\" data-scroll-devices=\"small-visibility,medium-visibility,large-visibility\"><div class=\"fusion-column-wrapper fusion-column-has-shadow fusion-flex-justify-content-flex-start fusion-content-layout-column\"><div class=\"fusion-image-element \" style=\"--awb-caption-title-font-family:var(--h2_typography-font-family);--awb-caption-title-font-weight:var(--h2_typography-font-weight);--awb-caption-title-font-style:var(--h2_typography-font-style);--awb-caption-title-size:var(--h2_typography-font-size);--awb-caption-title-transform:var(--h2_typography-text-transform);--awb-caption-title-line-height:var(--h2_typography-line-height);--awb-caption-title-letter-spacing:var(--h2_typography-letter-spacing);\"><span class=\" fusion-imageframe imageframe-none imageframe-4 hover-type-none\"><img decoding=\"async\" width=\"800\" height=\"1085\" alt=\"Encuentros\" title=\"Arroz\" src=\"https:\/\/restaurantereinaelisenda.com\/wp-content\/uploads\/galeria-15.webp\" class=\"img-responsive wp-image-15961\" srcset=\"https:\/\/restaurantereinaelisenda.com\/wp-content\/uploads\/galeria-15-200x271.webp 200w, https:\/\/restaurantereinaelisenda.com\/wp-content\/uploads\/galeria-15-400x543.webp 400w, https:\/\/restaurantereinaelisenda.com\/wp-content\/uploads\/galeria-15-600x814.webp 600w, https:\/\/restaurantereinaelisenda.com\/wp-content\/uploads\/galeria-15.webp 800w\" sizes=\"(max-width: 640px) 100vw, 400px\" \/><\/span><\/div><\/div><\/div><div class=\"fusion-layout-column fusion_builder_column fusion-builder-column-9 fusion_builder_column_1_5 1_5 fusion-flex-column\" style=\"--awb-bg-size:cover;--awb-width-large:20%;--awb-margin-top-large:85px;--awb-spacing-right-large:7.5px;--awb-margin-bottom-large:20px;--awb-spacing-left-large:7.5px;--awb-width-medium:20%;--awb-order-medium:0;--awb-spacing-right-medium:7.5px;--awb-spacing-left-medium:7.5px;--awb-width-small:100%;--awb-order-small:0;--awb-margin-top-small:0px;--awb-spacing-right-small:7.5px;--awb-spacing-left-small:7.5px;\" data-scroll-devices=\"small-visibility,medium-visibility,large-visibility\"><div class=\"fusion-column-wrapper fusion-column-has-shadow fusion-flex-justify-content-flex-start fusion-content-layout-column\"><div class=\"fusion-image-element \" style=\"--awb-caption-title-font-family:var(--h2_typography-font-family);--awb-caption-title-font-weight:var(--h2_typography-font-weight);--awb-caption-title-font-style:var(--h2_typography-font-style);--awb-caption-title-size:var(--h2_typography-font-size);--awb-caption-title-transform:var(--h2_typography-text-transform);--awb-caption-title-line-height:var(--h2_typography-line-height);--awb-caption-title-letter-spacing:var(--h2_typography-letter-spacing);\"><span class=\" fusion-imageframe imageframe-none imageframe-5 hover-type-none\"><img decoding=\"async\" width=\"800\" height=\"1085\" alt=\"Restaurante Reina Elisenda \" title=\"Restaurante Reina Elisenda\" src=\"https:\/\/restaurantereinaelisenda.com\/wp-content\/uploads\/detalle-restaurante_re.webp\" class=\"img-responsive wp-image-15962\" srcset=\"https:\/\/restaurantereinaelisenda.com\/wp-content\/uploads\/detalle-restaurante_re-200x271.webp 200w, https:\/\/restaurantereinaelisenda.com\/wp-content\/uploads\/detalle-restaurante_re-400x543.webp 400w, https:\/\/restaurantereinaelisenda.com\/wp-content\/uploads\/detalle-restaurante_re-600x814.webp 600w, https:\/\/restaurantereinaelisenda.com\/wp-content\/uploads\/detalle-restaurante_re.webp 800w\" sizes=\"(max-width: 640px) 100vw, 400px\" \/><\/span><\/div><\/div><\/div><div class=\"fusion-layout-column fusion_builder_column fusion-builder-column-10 fusion_builder_column_1_5 1_5 fusion-flex-column\" style=\"--awb-bg-size:cover;--awb-width-large:20%;--awb-margin-top-large:50px;--awb-spacing-right-large:7.5px;--awb-margin-bottom-large:20px;--awb-spacing-left-large:7.5px;--awb-width-medium:20%;--awb-order-medium:0;--awb-spacing-right-medium:7.5px;--awb-spacing-left-medium:7.5px;--awb-width-small:100%;--awb-order-small:0;--awb-margin-top-small:0px;--awb-spacing-right-small:7.5px;--awb-spacing-left-small:7.5px;\" data-scroll-devices=\"small-visibility,medium-visibility,large-visibility\"><div class=\"fusion-column-wrapper fusion-column-has-shadow fusion-flex-justify-content-flex-start fusion-content-layout-column\"><div class=\"fusion-image-element \" style=\"--awb-max-width:615px;--awb-caption-title-font-family:var(--h2_typography-font-family);--awb-caption-title-font-weight:var(--h2_typography-font-weight);--awb-caption-title-font-style:var(--h2_typography-font-style);--awb-caption-title-size:var(--h2_typography-font-size);--awb-caption-title-transform:var(--h2_typography-text-transform);--awb-caption-title-line-height:var(--h2_typography-line-height);--awb-caption-title-letter-spacing:var(--h2_typography-letter-spacing);\"><span class=\" fusion-imageframe imageframe-none imageframe-6 hover-type-none\"><img decoding=\"async\" width=\"400\" height=\"543\" alt=\"Encuentros\" title=\"Comida del Reina Elisenda\" src=\"https:\/\/restaurantereinaelisenda.com\/wp-content\/uploads\/entrante-gif.gif\" class=\"img-responsive wp-image-15963\"\/><\/span><\/div><\/div><\/div><div class=\"fusion-layout-column fusion_builder_column fusion-builder-column-11 fusion_builder_column_1_5 1_5 fusion-flex-column\" style=\"--awb-bg-size:cover;--awb-width-large:20%;--awb-margin-top-large:0px;--awb-spacing-right-large:7.5px;--awb-margin-bottom-large:20px;--awb-spacing-left-large:7.5px;--awb-width-medium:20%;--awb-order-medium:0;--awb-spacing-right-medium:7.5px;--awb-spacing-left-medium:7.5px;--awb-width-small:100%;--awb-order-small:0;--awb-spacing-right-small:7.5px;--awb-spacing-left-small:7.5px;\"><div class=\"fusion-column-wrapper fusion-column-has-shadow fusion-flex-justify-content-flex-start fusion-content-layout-column\"><div class=\"fusion-image-element \" style=\"--awb-caption-title-font-family:var(--h2_typography-font-family);--awb-caption-title-font-weight:var(--h2_typography-font-weight);--awb-caption-title-font-style:var(--h2_typography-font-style);--awb-caption-title-size:var(--h2_typography-font-size);--awb-caption-title-transform:var(--h2_typography-text-transform);--awb-caption-title-line-height:var(--h2_typography-line-height);--awb-caption-title-letter-spacing:var(--h2_typography-letter-spacing);\"><span class=\" fusion-imageframe imageframe-none imageframe-7 hover-type-none\"><img decoding=\"async\" width=\"800\" height=\"1085\" alt=\"Entre fogones\" title=\"Entre fogones\" src=\"https:\/\/restaurantereinaelisenda.com\/wp-content\/uploads\/cocinero-reina-elisenda_re.webp\" class=\"img-responsive wp-image-15964\" srcset=\"https:\/\/restaurantereinaelisenda.com\/wp-content\/uploads\/cocinero-reina-elisenda_re-200x271.webp 200w, https:\/\/restaurantereinaelisenda.com\/wp-content\/uploads\/cocinero-reina-elisenda_re-400x543.webp 400w, https:\/\/restaurantereinaelisenda.com\/wp-content\/uploads\/cocinero-reina-elisenda_re-600x814.webp 600w, https:\/\/restaurantereinaelisenda.com\/wp-content\/uploads\/cocinero-reina-elisenda_re.webp 800w\" sizes=\"(max-width: 640px) 100vw, 400px\" \/><\/span><\/div><\/div><\/div><div class=\"fusion-layout-column fusion_builder_column fusion-builder-column-12 fusion_builder_column_4_5 4_5 fusion-flex-column fusion-flex-align-self-stretch\" style=\"--awb-bg-size:cover;--awb-width-large:80%;--awb-margin-top-large:0px;--awb-spacing-right-large:7.5px;--awb-margin-bottom-large:20px;--awb-spacing-left-large:7.5px;--awb-width-medium:80%;--awb-order-medium:0;--awb-spacing-right-medium:7.5px;--awb-spacing-left-medium:7.5px;--awb-width-small:100%;--awb-order-small:0;--awb-spacing-right-small:7.5px;--awb-spacing-left-small:7.5px;\" data-scroll-devices=\"small-visibility,medium-visibility,large-visibility\"><div class=\"fusion-column-wrapper fusion-column-has-shadow fusion-flex-justify-content-center fusion-content-layout-column\"><div class=\"fusion-separator fusion-full-width-sep\" style=\"align-self: center;margin-left: auto;margin-right: auto;width:100%;\"><div class=\"fusion-separator-border sep-single sep-solid\" style=\"--awb-height:20px;--awb-amount:20px;border-color:var(--awb-color3);border-top-width:1px;\"><\/div><\/div><\/div><\/div><div class=\"fusion-layout-column fusion_builder_column fusion-builder-column-13 fusion_builder_column_1_5 1_5 fusion-flex-column fusion-flex-align-self-stretch\" style=\"--awb-bg-size:cover;--awb-width-large:20%;--awb-margin-top-large:0px;--awb-spacing-right-large:7.5px;--awb-margin-bottom-large:20px;--awb-spacing-left-large:-8px;--awb-width-medium:20%;--awb-order-medium:0;--awb-spacing-right-medium:7.5px;--awb-spacing-left-medium:-8px;--awb-width-small:100%;--awb-order-small:0;--awb-spacing-right-small:7.5px;--awb-spacing-left-small:7.5px;\" data-scroll-devices=\"small-visibility,medium-visibility,large-visibility\"><div class=\"fusion-column-wrapper fusion-column-has-shadow fusion-flex-justify-content-center fusion-content-layout-column\"><div ><a class=\"fusion-button button-flat fusion-button-default-size button-default fusion-button-default button-3 fusion-button-default-span fusion-button-default-type\" target=\"_self\" title=\"Bot\u00f3n que lleva a la galer\u00eda de fotos\" aria-label=\"Bot\u00f3n que lleva a la galer\u00eda de fotos\" href=\"\/ca\/restaurant-amb-encant\/\"><span class=\"fusion-button-text awb-button__text awb-button__text--default\">Veure galeria<\/span><\/a><\/div><\/div><\/div><\/div><\/div><\/p>\n","protected":false},"excerpt":{"rendered":"","protected":false},"author":1,"featured_media":0,"parent":15965,"menu_order":0,"comment_status":"closed","ping_status":"open","template":"100-width.php","meta":{"_acf_changed":false,"footnotes":""},"class_list":["post-15970","page","type-page","status-publish","hentry"],"acf":[],"yoast_head":"<!-- This site is optimized with the Yoast SEO plugin v27.4 - https:\/\/yoast.com\/product\/yoast-seo-wordpress\/ -->\n<title>Carns a la brasa, pop i m\u00e9s a la Carta - Rest. Reina Elisenda<\/title>\n<meta name=\"description\" content=\"Restaurant braseria a Montcada i Reixac especialista en carns a la brasa d&#039;alzina i molts altres plats per a gaudir.\" \/>\n<meta name=\"robots\" content=\"index, follow, max-snippet:-1, max-image-preview:large, max-video-preview:-1\" \/>\n<link rel=\"canonical\" href=\"https:\/\/restaurantereinaelisenda.com\/ca\/carta\/carns-a-la-brasa\/\" \/>\n<meta property=\"og:locale\" content=\"ca_ES\" \/>\n<meta property=\"og:type\" content=\"article\" \/>\n<meta property=\"og:title\" content=\"Carns a la brasa, pop i m\u00e9s a la Carta - Rest. Reina Elisenda\" \/>\n<meta property=\"og:description\" content=\"Restaurant braseria a Montcada i Reixac especialista en carns a la brasa d&#039;alzina i molts altres plats per a gaudir.\" \/>\n<meta property=\"og:url\" content=\"https:\/\/restaurantereinaelisenda.com\/ca\/carta\/carns-a-la-brasa\/\" \/>\n<meta property=\"og:site_name\" content=\"Reina Elisenda\" \/>\n<meta property=\"article:modified_time\" content=\"2025-10-31T09:52:48+00:00\" \/>\n<meta name=\"twitter:card\" content=\"summary_large_image\" \/>\n<meta name=\"twitter:label1\" content=\"Temps estimat de lectura\" \/>\n\t<meta name=\"twitter:data1\" content=\"7 minuts\" \/>\n<script type=\"application\/ld+json\" class=\"yoast-schema-graph\">{\"@context\":\"https:\\\/\\\/schema.org\",\"@graph\":[{\"@type\":\"WebPage\",\"@id\":\"https:\\\/\\\/restaurantereinaelisenda.com\\\/ca\\\/carta\\\/carns-a-la-brasa\\\/\",\"url\":\"https:\\\/\\\/restaurantereinaelisenda.com\\\/ca\\\/carta\\\/carns-a-la-brasa\\\/\",\"name\":\"Carns a la brasa, pop i m\u00e9s a la Carta - Rest. Reina Elisenda\",\"isPartOf\":{\"@id\":\"https:\\\/\\\/restaurantereinaelisenda.com\\\/ca\\\/#website\"},\"datePublished\":\"2025-10-22T08:49:25+00:00\",\"dateModified\":\"2025-10-31T09:52:48+00:00\",\"description\":\"Restaurant braseria a Montcada i Reixac especialista en carns a la brasa d'alzina i molts altres plats per a gaudir.\",\"breadcrumb\":{\"@id\":\"https:\\\/\\\/restaurantereinaelisenda.com\\\/ca\\\/carta\\\/carns-a-la-brasa\\\/#breadcrumb\"},\"inLanguage\":\"ca\",\"potentialAction\":[{\"@type\":\"ReadAction\",\"target\":[\"https:\\\/\\\/restaurantereinaelisenda.com\\\/ca\\\/carta\\\/carns-a-la-brasa\\\/\"]}]},{\"@type\":\"BreadcrumbList\",\"@id\":\"https:\\\/\\\/restaurantereinaelisenda.com\\\/ca\\\/carta\\\/carns-a-la-brasa\\\/#breadcrumb\",\"itemListElement\":[{\"@type\":\"ListItem\",\"position\":1,\"name\":\"Inicio\",\"item\":\"https:\\\/\\\/restaurantereinaelisenda.com\\\/ca\\\/\"},{\"@type\":\"ListItem\",\"position\":2,\"name\":\"Carta\",\"item\":\"https:\\\/\\\/restaurantereinaelisenda.com\\\/ca\\\/carta\\\/\"},{\"@type\":\"ListItem\",\"position\":3,\"name\":\"Carns a la brasa i molt m\u00e9s\"}]},{\"@type\":\"WebSite\",\"@id\":\"https:\\\/\\\/restaurantereinaelisenda.com\\\/ca\\\/#website\",\"url\":\"https:\\\/\\\/restaurantereinaelisenda.com\\\/ca\\\/\",\"name\":\"Reina Elisenda\",\"description\":\"\",\"potentialAction\":[{\"@type\":\"SearchAction\",\"target\":{\"@type\":\"EntryPoint\",\"urlTemplate\":\"https:\\\/\\\/restaurantereinaelisenda.com\\\/ca\\\/?s={search_term_string}\"},\"query-input\":{\"@type\":\"PropertyValueSpecification\",\"valueRequired\":true,\"valueName\":\"search_term_string\"}}],\"inLanguage\":\"ca\"}]}<\/script>\n<!-- \/ Yoast SEO plugin. -->","yoast_head_json":{"title":"Carns a la brasa, pop i m\u00e9s a la Carta - Rest. Reina Elisenda","description":"Restaurant braseria a Montcada i Reixac especialista en carns a la brasa d'alzina i molts altres plats per a gaudir.","robots":{"index":"index","follow":"follow","max-snippet":"max-snippet:-1","max-image-preview":"max-image-preview:large","max-video-preview":"max-video-preview:-1"},"canonical":"https:\/\/restaurantereinaelisenda.com\/ca\/carta\/carns-a-la-brasa\/","og_locale":"ca_ES","og_type":"article","og_title":"Carns a la brasa, pop i m\u00e9s a la Carta - Rest. Reina Elisenda","og_description":"Restaurant braseria a Montcada i Reixac especialista en carns a la brasa d'alzina i molts altres plats per a gaudir.","og_url":"https:\/\/restaurantereinaelisenda.com\/ca\/carta\/carns-a-la-brasa\/","og_site_name":"Reina Elisenda","article_modified_time":"2025-10-31T09:52:48+00:00","twitter_card":"summary_large_image","twitter_misc":{"Temps estimat de lectura":"7 minuts"},"schema":{"@context":"https:\/\/schema.org","@graph":[{"@type":"WebPage","@id":"https:\/\/restaurantereinaelisenda.com\/ca\/carta\/carns-a-la-brasa\/","url":"https:\/\/restaurantereinaelisenda.com\/ca\/carta\/carns-a-la-brasa\/","name":"Carns a la brasa, pop i m\u00e9s a la Carta - Rest. Reina Elisenda","isPartOf":{"@id":"https:\/\/restaurantereinaelisenda.com\/ca\/#website"},"datePublished":"2025-10-22T08:49:25+00:00","dateModified":"2025-10-31T09:52:48+00:00","description":"Restaurant braseria a Montcada i Reixac especialista en carns a la brasa d'alzina i molts altres plats per a gaudir.","breadcrumb":{"@id":"https:\/\/restaurantereinaelisenda.com\/ca\/carta\/carns-a-la-brasa\/#breadcrumb"},"inLanguage":"ca","potentialAction":[{"@type":"ReadAction","target":["https:\/\/restaurantereinaelisenda.com\/ca\/carta\/carns-a-la-brasa\/"]}]},{"@type":"BreadcrumbList","@id":"https:\/\/restaurantereinaelisenda.com\/ca\/carta\/carns-a-la-brasa\/#breadcrumb","itemListElement":[{"@type":"ListItem","position":1,"name":"Inicio","item":"https:\/\/restaurantereinaelisenda.com\/ca\/"},{"@type":"ListItem","position":2,"name":"Carta","item":"https:\/\/restaurantereinaelisenda.com\/ca\/carta\/"},{"@type":"ListItem","position":3,"name":"Carns a la brasa i molt m\u00e9s"}]},{"@type":"WebSite","@id":"https:\/\/restaurantereinaelisenda.com\/ca\/#website","url":"https:\/\/restaurantereinaelisenda.com\/ca\/","name":"Reina Elisenda","description":"","potentialAction":[{"@type":"SearchAction","target":{"@type":"EntryPoint","urlTemplate":"https:\/\/restaurantereinaelisenda.com\/ca\/?s={search_term_string}"},"query-input":{"@type":"PropertyValueSpecification","valueRequired":true,"valueName":"search_term_string"}}],"inLanguage":"ca"}]}},"_links":{"self":[{"href":"https:\/\/restaurantereinaelisenda.com\/ca\/wp-json\/wp\/v2\/pages\/15970","targetHints":{"allow":["GET"]}}],"collection":[{"href":"https:\/\/restaurantereinaelisenda.com\/ca\/wp-json\/wp\/v2\/pages"}],"about":[{"href":"https:\/\/restaurantereinaelisenda.com\/ca\/wp-json\/wp\/v2\/types\/page"}],"author":[{"embeddable":true,"href":"https:\/\/restaurantereinaelisenda.com\/ca\/wp-json\/wp\/v2\/users\/1"}],"replies":[{"embeddable":true,"href":"https:\/\/restaurantereinaelisenda.com\/ca\/wp-json\/wp\/v2\/comments?post=15970"}],"version-history":[{"count":7,"href":"https:\/\/restaurantereinaelisenda.com\/ca\/wp-json\/wp\/v2\/pages\/15970\/revisions"}],"predecessor-version":[{"id":16267,"href":"https:\/\/restaurantereinaelisenda.com\/ca\/wp-json\/wp\/v2\/pages\/15970\/revisions\/16267"}],"up":[{"embeddable":true,"href":"https:\/\/restaurantereinaelisenda.com\/ca\/wp-json\/wp\/v2\/pages\/15965"}],"wp:attachment":[{"href":"https:\/\/restaurantereinaelisenda.com\/ca\/wp-json\/wp\/v2\/media?parent=15970"}],"curies":[{"name":"wp","href":"https:\/\/api.w.org\/{rel}","templated":true}]}}